{"id":23124,"date":"2025-03-03T12:12:52","date_gmt":"2025-03-03T11:12:52","guid":{"rendered":"https:\/\/isitec-international.com\/isitec-sorting-experience-day\/"},"modified":"2025-03-03T12:12:55","modified_gmt":"2025-03-03T11:12:55","slug":"isitec-sorting-experience-day","status":"publish","type":"page","link":"https:\/\/isitec-international.com\/tr\/isitec-sorting-experience-day\/","title":{"rendered":"ISITEC SORTING EXPERIENCE DAY"},"content":{"rendered":"<p>[et_pb_section fb_built=&#8221;1&#8243; admin_label=&#8221;Header&#8221; _builder_version=&#8221;4.27.4&#8243; _module_preset=&#8221;default&#8221; background_enable_color=&#8221;off&#8221; background_image=&#8221;https:\/\/isitec-international.com\/wp-content\/uploads\/2025\/02\/header-robots.jpg&#8221; custom_padding=&#8221;0vw||0vw||true|false&#8221; da_disable_devices=&#8221;off|off|off&#8221; collapsed=&#8221;on&#8221; global_colors_info=&#8221;{%22gcid-9d5d11f9-d654-432d-8206-34ad20a6d54e%22:%91%22background_color%22%93}&#8221; da_is_popup=&#8221;off&#8221; da_exit_intent=&#8221;off&#8221; da_has_close=&#8221;on&#8221; da_alt_close=&#8221;off&#8221; da_dark_close=&#8221;off&#8221; da_not_modal=&#8221;on&#8221; da_is_singular=&#8221;off&#8221; da_with_loader=&#8221;off&#8221; da_has_shadow=&#8221;on&#8221;][et_pb_row _builder_version=&#8221;4.27.4&#8243; _module_preset=&#8221;default&#8221; width=&#8221;95%&#8221; global_colors_info=&#8221;{}&#8221;][et_pb_column type=&#8221;4_4&#8243; _builder_version=&#8221;4.27.4&#8243; _module_preset=&#8221;default&#8221; global_colors_info=&#8221;{}&#8221;]<\/p>\n<p>[et_pb_divider show_divider=&#8221;off&#8221; _builder_version=&#8221;4.27.4&#8243; _module_preset=&#8221;default&#8221; global_colors_info=&#8221;{}&#8221;][\/et_pb_divider]<\/p>\n<p>[\/et_pb_column][\/et_pb_row][et_pb_row column_structure=&#8221;1_3,2_3&#8243; _builder_version=&#8221;4.27.4&#8243; _module_preset=&#8221;default&#8221; custom_padding=&#8221;||0px|||&#8221; global_colors_info=&#8221;{}&#8221;][et_pb_column type=&#8221;1_3&#8243; _builder_version=&#8221;4.27.4&#8243; _module_preset=&#8221;default&#8221; global_colors_info=&#8221;{}&#8221;][et_pb_image src=&#8221;https:\/\/isitec-international.com\/wp-content\/uploads\/2025\/02\/LOGO-ISED-BLANC.png&#8221; alt=&#8221;logo ised blanc&#8221; title_text=&#8221;logo ised blanc&#8221; _builder_version=&#8221;4.27.4&#8243; _module_preset=&#8221;default&#8221; width=&#8221;95%&#8221; max_width=&#8221;99%&#8221; custom_padding=&#8221;0px|||||&#8221; global_colors_info=&#8221;{}&#8221;][\/et_pb_image][\/et_pb_column][et_pb_column type=&#8221;2_3&#8243; _builder_version=&#8221;4.27.4&#8243; _module_preset=&#8221;default&#8221; global_colors_info=&#8221;{}&#8221;][et_pb_divider show_divider=&#8221;off&#8221; _builder_version=&#8221;4.27.4&#8243; _module_preset=&#8221;default&#8221; locked=&#8221;off&#8221; global_colors_info=&#8221;{}&#8221;][\/et_pb_divider][et_pb_heading title=&#8221;ISITEC SORTING EXPERIENCE DAY&#8221; url_new_window=&#8221;on&#8221; _builder_version=&#8221;4.27.4&#8243; _module_preset=&#8221;b70e197a-ee5f-4274-8c8a-6e2eaf529a89&#8243; title_font=&#8221;Montserrat|500|||||||&#8221; title_text_color=&#8221;#FFFFFF&#8221; title_font_size=&#8221;4.5vw&#8221; width=&#8221;100%&#8221; max_width=&#8221;100%&#8221; custom_margin=&#8221;|||0px||&#8221; locked=&#8221;off&#8221; global_colors_info=&#8221;{}&#8221;][\/et_pb_heading][\/et_pb_column][\/et_pb_row][et_pb_row _builder_version=&#8221;4.27.4&#8243; _module_preset=&#8221;default&#8221; border_width_all=&#8221;2px&#8221; border_color_all=&#8221;#ffffff&#8221; global_colors_info=&#8221;{}&#8221;][et_pb_column type=&#8221;4_4&#8243; _builder_version=&#8221;4.27.4&#8243; _module_preset=&#8221;default&#8221; global_colors_info=&#8221;{}&#8221;][et_pb_countdown_timer date_time=&#8221;2025-06-18 00:00&#8243; _builder_version=&#8221;4.27.4&#8243; _module_preset=&#8221;61e6bc19-863b-4150-9fab-bc95277b326b&#8221; header_font=&#8221;Montserrat||||||||&#8221; locked=&#8221;off&#8221; global_colors_info=&#8221;{}&#8221;][\/et_pb_countdown_timer][\/et_pb_column][\/et_pb_row][et_pb_row _builder_version=&#8221;4.27.4&#8243; _module_preset=&#8221;default&#8221; module_alignment=&#8221;center&#8221; global_colors_info=&#8221;{}&#8221;][et_pb_column type=&#8221;4_4&#8243; _builder_version=&#8221;4.27.4&#8243; _module_preset=&#8221;default&#8221; global_colors_info=&#8221;{}&#8221;][et_pb_button button_url=&#8221;https:\/\/bit.ly\/ISED-Registration&#8221; button_text=&#8221;\u015eimdi kay\u0131t olun&#8221; button_alignment=&#8221;center&#8221; _builder_version=&#8221;4.27.4&#8243; _module_preset=&#8221;73c62a50-e795-4e23-9fa8-e621f9a9efcb&#8221; button_text_color=&#8221;#214671&#8243; button_font=&#8221;Montserrat|600||on|||||&#8221; custom_margin=&#8221;||5px|||&#8221; locked=&#8221;off&#8221; global_colors_info=&#8221;{}&#8221;][\/et_pb_button][et_pb_divider show_divider=&#8221;off&#8221; _builder_version=&#8221;4.27.4&#8243; _module_preset=&#8221;default&#8221; global_colors_info=&#8221;{}&#8221;][\/et_pb_divider][\/et_pb_column][\/et_pb_row][\/et_pb_section][et_pb_section fb_built=&#8221;1&#8243; admin_label=&#8221;About&#8221; _builder_version=&#8221;4.25.1&#8243; _module_preset=&#8221;default&#8221; overflow-x=&#8221;hidden&#8221; overflow-y=&#8221;hidden&#8221; custom_padding=&#8221;8px|||||&#8221; da_disable_devices=&#8221;off|off|off&#8221; collapsed=&#8221;on&#8221; global_colors_info=&#8221;{}&#8221; da_is_popup=&#8221;off&#8221; da_exit_intent=&#8221;off&#8221; da_has_close=&#8221;on&#8221; da_alt_close=&#8221;off&#8221; da_dark_close=&#8221;off&#8221; da_not_modal=&#8221;on&#8221; da_is_singular=&#8221;off&#8221; da_with_loader=&#8221;off&#8221; da_has_shadow=&#8221;on&#8221;][et_pb_row _builder_version=&#8221;4.25.1&#8243; _module_preset=&#8221;default&#8221; custom_padding=&#8221;8px|||||&#8221; global_colors_info=&#8221;{}&#8221;][et_pb_column type=&#8221;4_4&#8243; _builder_version=&#8221;4.25.1&#8243; _module_preset=&#8221;default&#8221; custom_padding=&#8221;10%||||false|false&#8221; custom_padding_tablet=&#8221;0px||||false|false&#8221; custom_padding_phone=&#8221;0px||||false|false&#8221; custom_padding_last_edited=&#8221;on|desktop&#8221; global_colors_info=&#8221;{}&#8221;][et_pb_heading title=&#8221;Etkinlik Hakk\u0131nda&#8221; _builder_version=&#8221;4.27.4&#8243; _module_preset=&#8221;a12514b3-40d6-496f-93c3-a9ef579cec13&#8243; title_font=&#8221;Montserrat|500||on|||||&#8221; title_text_color=&#8221;gcid-9d5d11f9-d654-432d-8206-34ad20a6d54e&#8221; global_colors_info=&#8221;{%22gcid-9d5d11f9-d654-432d-8206-34ad20a6d54e%22:%91%22title_text_color%22%93}&#8221;][\/et_pb_heading][et_pb_heading title=&#8221;Ay\u0131klama ve Otomasyon Konulu \u0130lk K\u00fcresel Etkinlik&#8221; _builder_version=&#8221;4.27.4&#8243; _module_preset=&#8221;7c7043e9-2a6f-4992-8b9c-5828f7d614bc&#8221; title_font=&#8221;Montserrat||||||||&#8221; width=&#8221;86%&#8221; custom_margin=&#8221;||||false|false&#8221; global_colors_info=&#8221;{}&#8221;][\/et_pb_heading][et_pb_text _builder_version=&#8221;4.27.4&#8243; _module_preset=&#8221;2261b5b6-c03c-4652-a5db-24ab414162b2&#8243; text_font=&#8221;Montserrat||||||||&#8221; header_font=&#8221;Montserrat||||||||&#8221; global_colors_info=&#8221;{}&#8221;]<\/p>\n<p>ISITEC SORTING EXPERIENCE DAY, Isitec International taraf\u0131ndan her y\u0131l d\u00fczenlenen uluslararas\u0131 bir etkinliktir. Otomasyon ve Ay\u0131klama Uzmanlar\u0131n\u0131 lojistik merakl\u0131lar\u0131yla bir araya getiren bu bulu\u015fma, de\u011ferli a\u011f olu\u015fturma f\u0131rsatlar\u0131 ve geli\u015fmi\u015f koli ay\u0131klama \u00e7\u00f6z\u00fcmlerinin tan\u0131t\u0131mlar\u0131n\u0131 sunmaktad\u0131r.<\/p>\n<p>[\/et_pb_text][\/et_pb_column][\/et_pb_row][\/et_pb_section][et_pb_section fb_built=&#8221;1&#8243; admin_label=&#8221;Video &#038; Features&#8221; _builder_version=&#8221;4.27.4&#8243; _module_preset=&#8221;default&#8221; custom_padding=&#8221;0px|||||&#8221; da_disable_devices=&#8221;off|off|off&#8221; locked=&#8221;off&#8221; collapsed=&#8221;on&#8221; global_colors_info=&#8221;{}&#8221; da_is_popup=&#8221;off&#8221; da_exit_intent=&#8221;off&#8221; da_has_close=&#8221;on&#8221; da_alt_close=&#8221;off&#8221; da_dark_close=&#8221;off&#8221; da_not_modal=&#8221;on&#8221; da_is_singular=&#8221;off&#8221; da_with_loader=&#8221;off&#8221; da_has_shadow=&#8221;on&#8221;][et_pb_row column_structure=&#8221;1_2,1_2&#8243; disabled_on=&#8221;off|off|off&#8221; _builder_version=&#8221;4.27.4&#8243; _module_preset=&#8221;default&#8221; global_colors_info=&#8221;{}&#8221;][et_pb_column type=&#8221;1_2&#8243; _builder_version=&#8221;4.25.1&#8243; _module_preset=&#8221;default&#8221; global_colors_info=&#8221;{}&#8221;][et_pb_heading title=&#8221;NEDEN KATILIM?&#8221; _builder_version=&#8221;4.27.4&#8243; _module_preset=&#8221;7c7043e9-2a6f-4992-8b9c-5828f7d614bc&#8221; custom_margin=&#8221;||10px||false|false&#8221; global_colors_info=&#8221;{}&#8221;][\/et_pb_heading][et_pb_text _builder_version=&#8221;4.27.4&#8243; _module_preset=&#8221;2261b5b6-c03c-4652-a5db-24ab414162b2&#8243; text_font=&#8221;Montserrat||||||||&#8221; header_font=&#8221;Montserrat||||||||&#8221; global_colors_info=&#8221;{}&#8221;]<\/p>\n<p>Bu etkinlik, posta \u00e7\u00f6z\u00fcmlerinde inovasyon ve teknoloji konusunda tutkulu bireyler i\u00e7in \u00f6nemli bir bulu\u015fma i\u015flevi g\u00f6rmektedir. Benzer d\u00fc\u015f\u00fcnen profesyonellerin anlaml\u0131 ba\u011flant\u0131lar kurabilece\u011fi, fikir al\u0131\u015fveri\u015finde bulunabilece\u011fi ve sekt\u00f6r\u00fc \u015fekillendiren en son geli\u015fmeleri ke\u015ffedebilece\u011fi benzersiz bir platform sunmaktad\u0131r.<\/p>\n<p>[\/et_pb_text][et_pb_button button_url=&#8221;https:\/\/bit.ly\/ISED-Registration&#8221; url_new_window=&#8221;on&#8221; button_text=&#8221;\u015eimdi Kaydolun&#8221; _builder_version=&#8221;4.27.4&#8243; _module_preset=&#8221;15cd41aa-da6e-4907-a266-69e790f0b8b8&#8243; button_font=&#8221;Montserrat|700||on|||||&#8221; global_colors_info=&#8221;{}&#8221;][\/et_pb_button][\/et_pb_column][et_pb_column type=&#8221;1_2&#8243; _builder_version=&#8221;4.25.1&#8243; _module_preset=&#8221;default&#8221; global_colors_info=&#8221;{}&#8221;][et_pb_accordion _builder_version=&#8221;4.27.4&#8243; _module_preset=&#8221;5e07bbd4-1926-40fa-b75a-5229c0786f39&#8243; global_colors_info=&#8221;{}&#8221;][et_pb_accordion_item title=&#8221;\u00c7evrimi\u00e7i Dijital Etkile\u015fim&#8221; open=&#8221;on&#8221; icon_color=&#8221;#0300b4&#8243; _builder_version=&#8221;4.27.4&#8243; _module_preset=&#8221;587899c4-a86a-432c-85da-274c9ca6da9d&#8221; body_font=&#8221;Montserrat||||||||&#8221; global_colors_info=&#8221;{}&#8221; toggle_font=&#8221;Montserrat||||||||&#8221;]<\/p>\n<p>Farkl\u0131 ge\u00e7mi\u015flere sahip liderlerin, karar vericilerin ve uzmanlar\u0131n posta end\u00fcstrisi alan\u0131ndaki s\u0131ralama \u00e7\u00f6z\u00fcmleri hakk\u0131nda t\u00fcm sorular\u0131 sormak i\u00e7in kat\u0131laca\u011f\u0131 canl\u0131 yay\u0131n arac\u0131l\u0131\u011f\u0131yla \u00e7e\u015fitli k\u00fcresel kitlelerle etkile\u015fim kurun ve onlara ula\u015f\u0131n.<\/p>\n<p>[\/et_pb_accordion_item][\/et_pb_accordion][\/et_pb_column][\/et_pb_row][\/et_pb_section][et_pb_section fb_built=&#8221;1&#8243; admin_label=&#8221;Speakers&#8221; _builder_version=&#8221;4.25.1&#8243; _module_preset=&#8221;default&#8221; custom_padding=&#8221;2px||13px|||&#8221; da_disable_devices=&#8221;off|off|off&#8221; locked=&#8221;off&#8221; collapsed=&#8221;on&#8221; global_colors_info=&#8221;{}&#8221; da_is_popup=&#8221;off&#8221; da_exit_intent=&#8221;off&#8221; da_has_close=&#8221;on&#8221; da_alt_close=&#8221;off&#8221; da_dark_close=&#8221;off&#8221; da_not_modal=&#8221;on&#8221; da_is_singular=&#8221;off&#8221; da_with_loader=&#8221;off&#8221; da_has_shadow=&#8221;on&#8221;][et_pb_row _builder_version=&#8221;4.25.1&#8243; _module_preset=&#8221;default&#8221; custom_padding=&#8221;||0px|||&#8221; global_colors_info=&#8221;{}&#8221;][et_pb_column type=&#8221;4_4&#8243; _builder_version=&#8221;4.25.1&#8243; _module_preset=&#8221;default&#8221; global_colors_info=&#8221;{}&#8221;][et_pb_heading title=&#8221;ETKINLIK MODERAT\u00d6RLERI&#8221; _builder_version=&#8221;4.27.4&#8243; _module_preset=&#8221;7c7043e9-2a6f-4992-8b9c-5828f7d614bc&#8221; title_text_align=&#8221;center&#8221; custom_margin=&#8221;||10px||false|false&#8221; global_colors_info=&#8221;{}&#8221;][\/et_pb_heading][\/et_pb_column][\/et_pb_row][et_pb_row column_structure=&#8221;1_2,1_2&#8243; _builder_version=&#8221;4.27.4&#8243; _module_preset=&#8221;default&#8221; module_alignment=&#8221;center&#8221; global_colors_info=&#8221;{}&#8221;][et_pb_column type=&#8221;1_2&#8243; _builder_version=&#8221;4.27.4&#8243; _module_preset=&#8221;default&#8221; global_colors_info=&#8221;{}&#8221;][et_pb_blurb title=&#8221;Say\u0131n Alper \u00dcNAL&#8221; image=&#8221;https:\/\/isitec-international.com\/wp-content\/uploads\/2025\/02\/Alper-2.png&#8221; alt=&#8221;Alper Unal&#8221; icon_alignment=&#8221;right&#8221; _builder_version=&#8221;4.27.4&#8243; _module_preset=&#8221;default&#8221; header_text_align=&#8221;right&#8221; text_orientation=&#8221;right&#8221; hover_enabled=&#8221;0&#8243; global_colors_info=&#8221;{}&#8221; title_text=&#8221;Alper Unal&#8221; sticky_enabled=&#8221;0&#8243;]<\/p>\n<p>ISITEC T\u00fcrkiye \u00dclke M\u00fcd\u00fcr\u00fc<\/p>\n<p>[\/et_pb_blurb][\/et_pb_column][et_pb_column type=&#8221;1_2&#8243; _builder_version=&#8221;4.27.4&#8243; _module_preset=&#8221;default&#8221; global_colors_info=&#8221;{}&#8221;][et_pb_blurb title=&#8221;Say\u0131n Rohan MATHUR&#8221; image=&#8221;https:\/\/isitec-international.com\/wp-content\/uploads\/2025\/02\/Design-sans-titre-1.png&#8221; alt=&#8221;rohan mathur&#8221; icon_alignment=&#8221;left&#8221; _builder_version=&#8221;4.27.4&#8243; _module_preset=&#8221;default&#8221; header_text_align=&#8221;left&#8221; hover_enabled=&#8221;0&#8243; locked=&#8221;off&#8221; global_colors_info=&#8221;{}&#8221; sticky_enabled=&#8221;0&#8243; title_text=&#8221;rohan mathur&#8221;]<\/p>\n<p>EMERDIS (\u0130ngiltere) Direkt\u00f6r\u00fc<\/p>\n<p>[\/et_pb_blurb][\/et_pb_column][\/et_pb_row][\/et_pb_section][et_pb_section fb_built=&#8221;1&#8243; _builder_version=&#8221;4.27.4&#8243; _module_preset=&#8221;default&#8221; custom_padding=&#8221;7px||0px|||&#8221; da_disable_devices=&#8221;off|off|off&#8221; global_colors_info=&#8221;{}&#8221; da_is_popup=&#8221;off&#8221; da_exit_intent=&#8221;off&#8221; da_has_close=&#8221;on&#8221; da_alt_close=&#8221;off&#8221; da_dark_close=&#8221;off&#8221; da_not_modal=&#8221;on&#8221; da_is_singular=&#8221;off&#8221; da_with_loader=&#8221;off&#8221; da_has_shadow=&#8221;on&#8221;][et_pb_row _builder_version=&#8221;4.27.4&#8243; _module_preset=&#8221;default&#8221; custom_padding=&#8221;||3px|||&#8221; global_colors_info=&#8221;{}&#8221;][et_pb_column type=&#8221;4_4&#8243; _builder_version=&#8221;4.27.4&#8243; _module_preset=&#8221;default&#8221; global_colors_info=&#8221;{}&#8221;][et_pb_heading title=&#8221;AYIKLAMA \u00c7\u00d6Z\u00dcMLERIMIZ&#8221; _builder_version=&#8221;4.27.4&#8243; _module_preset=&#8221;7c7043e9-2a6f-4992-8b9c-5828f7d614bc&#8221; title_text_align=&#8221;center&#8221; custom_margin=&#8221;||10px||false|false&#8221; locked=&#8221;off&#8221; global_colors_info=&#8221;{}&#8221;][\/et_pb_heading][\/et_pb_column][\/et_pb_row][\/et_pb_section][et_pb_section fb_built=&#8221;1&#8243; _builder_version=&#8221;4.27.4&#8243; _module_preset=&#8221;default&#8221; custom_padding=&#8221;14px||2px|||&#8221; da_disable_devices=&#8221;off|off|off&#8221; global_colors_info=&#8221;{}&#8221; da_is_popup=&#8221;off&#8221; da_exit_intent=&#8221;off&#8221; da_has_close=&#8221;on&#8221; da_alt_close=&#8221;off&#8221; da_dark_close=&#8221;off&#8221; da_not_modal=&#8221;on&#8221; da_is_singular=&#8221;off&#8221; da_with_loader=&#8221;off&#8221; da_has_shadow=&#8221;on&#8221;][et_pb_row _builder_version=&#8221;4.27.4&#8243; _module_preset=&#8221;default&#8221; global_colors_info=&#8221;{}&#8221;][et_pb_column type=&#8221;4_4&#8243; _builder_version=&#8221;4.27.4&#8243; _module_preset=&#8221;default&#8221; global_colors_info=&#8221;{}&#8221;]<\/p>\n<p>[et_pb_gallery gallery_ids=&#8221;22866,22873,22880,22887,22894,22858&#8243; fullwidth=&#8221;off&#8221; orientation=&#8221;portrait&#8221; show_title_and_caption=&#8221;on&#8221; _builder_version=&#8221;4.27.4&#8243; _module_preset=&#8221;default&#8221; title_font=&#8221;Montserrat|500|||||||&#8221; caption_font=&#8221;Montserrat||||||||&#8221; caption_text_color=&#8221;#161A6B&#8221; global_colors_info=&#8221;{}&#8221;][\/et_pb_gallery]<\/p>\n<p>[\/et_pb_column][\/et_pb_row][\/et_pb_section][et_pb_section fb_built=&#8221;1&#8243; disabled_on=&#8221;on|on|on&#8221; admin_label=&#8221;Workshops&#8221; _builder_version=&#8221;4.27.4&#8243; _module_preset=&#8221;default&#8221; custom_padding=&#8221;2px|||||&#8221; da_disable_devices=&#8221;off|off|off&#8221; disabled=&#8221;on&#8221; collapsed=&#8221;on&#8221; global_colors_info=&#8221;{}&#8221; da_is_popup=&#8221;off&#8221; da_exit_intent=&#8221;off&#8221; da_has_close=&#8221;on&#8221; da_alt_close=&#8221;off&#8221; da_dark_close=&#8221;off&#8221; da_not_modal=&#8221;on&#8221; da_is_singular=&#8221;off&#8221; da_with_loader=&#8221;off&#8221; da_has_shadow=&#8221;on&#8221;][et_pb_row _builder_version=&#8221;4.25.1&#8243; _module_preset=&#8221;default&#8221; global_colors_info=&#8221;{}&#8221;][et_pb_column type=&#8221;4_4&#8243; _builder_version=&#8221;4.25.1&#8243; _module_preset=&#8221;default&#8221; global_colors_info=&#8221;{}&#8221;][et_pb_heading title=&#8221;\u00d6ne \u00c7\u0131kan Oturumlar&#8221; _builder_version=&#8221;4.25.1&#8243; _module_preset=&#8221;7c7043e9-2a6f-4992-8b9c-5828f7d614bc&#8221; global_colors_info=&#8221;{}&#8221;][\/et_pb_heading][\/et_pb_column][\/et_pb_row][et_pb_row column_structure=&#8221;3_4,1_4&#8243; custom_padding_last_edited=&#8221;off|desktop&#8221; _builder_version=&#8221;4.25.1&#8243; _module_preset=&#8221;default&#8221; max_width=&#8221;1120px&#8221; custom_margin=&#8221;||20px||false|false&#8221; custom_padding=&#8221;20px|20px|20px|20px|true|true&#8221; link_option_url=&#8221;#&#8221; box_shadow_style=&#8221;preset1&#8243; box_shadow_vertical=&#8221;20px&#8221; box_shadow_blur=&#8221;40px&#8221; box_shadow_color=&#8221;RGBA(255,255,255,0)&#8221; global_colors_info=&#8221;{}&#8221; custom_padding__hover_enabled=&#8221;off|desktop&#8221; custom_padding__hover=&#8221;|20px||20px|true|true&#8221; border_radii__hover_enabled=&#8221;on|desktop&#8221; border_radii__hover=&#8221;on|12px|12px|12px|12px&#8221; box_shadow_color__hover_enabled=&#8221;on|desktop&#8221; box_shadow_color__hover=&#8221;rgba(0,0,0,0.07)&#8221;][et_pb_column type=&#8221;3_4&#8243; _builder_version=&#8221;4.25.1&#8243; _module_preset=&#8221;default&#8221; global_colors_info=&#8221;{}&#8221;][et_pb_blurb title=&#8221;Etkili \u0130leti\u015fim Becerilerinde Ustala\u015fmak&#8221; image=&#8221;https:\/\/isitec-international.com\/wp-content\/uploads\/2025\/02\/conference-event-icon-01-1.png&#8221; _builder_version=&#8221;4.25.1&#8243; _module_preset=&#8221;2b32966a-b0b2-479e-88fe-8d1f0c476bca&#8221; locked=&#8221;off&#8221; global_colors_info=&#8221;{%22gcid-9d5d11f9-d654-432d-8206-34ad20a6d54e%22:%91%22link_text_color%22,%22quote_border_color%22,%22link_text_color%22,%22quote_border_color%22%93,%22gcid-b6028d43-4027-4a22-87a1-1d6e61b15b8b%22:%91%22quote_text_color%22,%22quote_text_color%22%93}&#8221; quote_font_size_tablet=&#8221;16px&#8221; quote_font_size_phone=&#8221;15px&#8221; quote_font_size_last_edited=&#8221;on|desktop&#8221;]<\/p>\n<p>Curabitur arcu erat, accumsan id imperdiet et, porttitor at sem. Nulla quis lorem ut libero malesuada feugiat. Quisque aliquet velit sit amet sem interdum faucibus. In feugiat aliquet mollis etiam tincidunt ligula.<\/p>\n<p>[\/et_pb_blurb][\/et_pb_column][et_pb_column type=&#8221;1_4&#8243; _builder_version=&#8221;4.25.1&#8243; _module_preset=&#8221;default&#8221; global_colors_info=&#8221;{}&#8221;][et_pb_heading title=&#8221;Sat, 23 Mart 2024&#8243; _builder_version=&#8221;4.25.1&#8243; _module_preset=&#8221;a12514b3-40d6-496f-93c3-a9ef579cec13&#8243; title_text_align=&#8221;right&#8221; custom_margin=&#8221;||0px||false|false&#8221; title_text_align_tablet=&#8221;left&#8221; title_text_align_phone=&#8221;left&#8221; title_text_align_last_edited=&#8221;on|tablet&#8221; global_colors_info=&#8221;{}&#8221;][\/et_pb_heading][et_pb_text _builder_version=&#8221;4.25.1&#8243; _module_preset=&#8221;default&#8221; text_orientation=&#8221;right&#8221; text_orientation_tablet=&#8221;left&#8221; text_orientation_phone=&#8221;left&#8221; text_orientation_last_edited=&#8221;on|tablet&#8221; global_colors_info=&#8221;{}&#8221;]<\/p>\n<p>10:00 AM to 1:00 PM<\/p>\n<p>[\/et_pb_text][\/et_pb_column][\/et_pb_row][et_pb_row column_structure=&#8221;3_4,1_4&#8243; _builder_version=&#8221;4.25.1&#8243; _module_preset=&#8221;default&#8221; max_width=&#8221;1120px&#8221; custom_margin=&#8221;||20px||false|false&#8221; custom_padding=&#8221;20px|20px|20px|20px|true|true&#8221; link_option_url=&#8221;#&#8221; box_shadow_style=&#8221;preset1&#8243; box_shadow_vertical=&#8221;20px&#8221; box_shadow_blur=&#8221;40px&#8221; box_shadow_color=&#8221;RGBA(255,255,255,0)&#8221; global_colors_info=&#8221;{}&#8221; custom_padding__hover_enabled=&#8221;on|desktop&#8221; custom_padding__hover=&#8221;|20px||20px|true|true&#8221; border_radii__hover_enabled=&#8221;on|desktop&#8221; border_radii__hover=&#8221;on|12px|12px|12px|12px&#8221; box_shadow_color__hover_enabled=&#8221;on|desktop&#8221; box_shadow_color__hover=&#8221;rgba(0,0,0,0.07)&#8221;][et_pb_column type=&#8221;3_4&#8243; _builder_version=&#8221;4.25.1&#8243; _module_preset=&#8221;default&#8221; global_colors_info=&#8221;{}&#8221;][et_pb_blurb title=&#8221;Harnessing the Power of Data Analytics&#8221; image=&#8221;https:\/\/isitec-international.com\/wp-content\/uploads\/2025\/02\/conference-event-icon-03-1.png&#8221; _builder_version=&#8221;4.25.1&#8243; _module_preset=&#8221;2b32966a-b0b2-479e-88fe-8d1f0c476bca&#8221; locked=&#8221;off&#8221; global_colors_info=&#8221;{%22gcid-9d5d11f9-d654-432d-8206-34ad20a6d54e%22:%91%22link_text_color%22,%22quote_border_color%22,%22link_text_color%22,%22quote_border_color%22%93,%22gcid-b6028d43-4027-4a22-87a1-1d6e61b15b8b%22:%91%22quote_text_color%22,%22quote_text_color%22%93}&#8221; quote_font_size_tablet=&#8221;16px&#8221; quote_font_size_phone=&#8221;15px&#8221; quote_font_size_last_edited=&#8221;on|desktop&#8221;]<\/p>\n<p>In non pulvinar purus. Curabitur nisi odio, blandit et elit at, suscipit pharetra efficitur elit. Nisl massa, ultrices vitae ornare sit amet, ultricies eget orci. Sed vitae nulla et justo pellentesque congue nec eu risus.<\/p>\n<p>[\/et_pb_blurb][\/et_pb_column][et_pb_column type=&#8221;1_4&#8243; _builder_version=&#8221;4.25.1&#8243; _module_preset=&#8221;default&#8221; global_colors_info=&#8221;{}&#8221;][et_pb_heading title=&#8221;G\u00fcne\u015f, 24 Mart 2024&#8243; _builder_version=&#8221;4.25.1&#8243; _module_preset=&#8221;a12514b3-40d6-496f-93c3-a9ef579cec13&#8243; title_text_align=&#8221;right&#8221; custom_margin=&#8221;||0px||false|false&#8221; title_text_align_tablet=&#8221;left&#8221; title_text_align_phone=&#8221;left&#8221; title_text_align_last_edited=&#8221;on|tablet&#8221; global_colors_info=&#8221;{}&#8221;][\/et_pb_heading][et_pb_text _builder_version=&#8221;4.25.1&#8243; _module_preset=&#8221;default&#8221; text_orientation=&#8221;right&#8221; text_orientation_tablet=&#8221;left&#8221; text_orientation_phone=&#8221;left&#8221; text_orientation_last_edited=&#8221;on|tablet&#8221; global_colors_info=&#8221;{}&#8221;]<\/p>\n<p>11:00 AM to 2:30 PM<\/p>\n<p>[\/et_pb_text][\/et_pb_column][\/et_pb_row][et_pb_row column_structure=&#8221;3_4,1_4&#8243; _builder_version=&#8221;4.25.1&#8243; _module_preset=&#8221;default&#8221; max_width=&#8221;1120px&#8221; custom_margin=&#8221;||20px||false|false&#8221; custom_padding=&#8221;20px|20px|20px|20px|true|true&#8221; link_option_url=&#8221;#&#8221; box_shadow_style=&#8221;preset1&#8243; box_shadow_vertical=&#8221;20px&#8221; box_shadow_blur=&#8221;40px&#8221; box_shadow_color=&#8221;RGBA(255,255,255,0)&#8221; global_colors_info=&#8221;{}&#8221; custom_padding__hover_enabled=&#8221;on|desktop&#8221; custom_padding__hover=&#8221;|20px||20px|true|true&#8221; border_radii__hover_enabled=&#8221;on|desktop&#8221; border_radii__hover=&#8221;on|12px|12px|12px|12px&#8221; box_shadow_color__hover_enabled=&#8221;on|desktop&#8221; box_shadow_color__hover=&#8221;rgba(0,0,0,0.07)&#8221;][et_pb_column type=&#8221;3_4&#8243; _builder_version=&#8221;4.25.1&#8243; _module_preset=&#8221;default&#8221; global_colors_info=&#8221;{}&#8221;][et_pb_blurb title=&#8221;Y\u00fcksek Performansl\u0131 Ekipler Olu\u015fturmak&#8221; image=&#8221;https:\/\/isitec-international.com\/wp-content\/uploads\/2025\/02\/conference-event-icon-02-2x.png&#8221; _builder_version=&#8221;4.25.1&#8243; _module_preset=&#8221;2b32966a-b0b2-479e-88fe-8d1f0c476bca&#8221; locked=&#8221;off&#8221; global_colors_info=&#8221;{%22gcid-9d5d11f9-d654-432d-8206-34ad20a6d54e%22:%91%22link_text_color%22,%22quote_border_color%22,%22link_text_color%22,%22quote_border_color%22%93,%22gcid-b6028d43-4027-4a22-87a1-1d6e61b15b8b%22:%91%22quote_text_color%22,%22quote_text_color%22%93}&#8221; quote_font_size_tablet=&#8221;16px&#8221; quote_font_size_phone=&#8221;15px&#8221; quote_font_size_last_edited=&#8221;on|desktop&#8221;]<\/p>\n<p>Ac feugiat ante. Donec ultricies lobortis eros, nec auctor nisl semper ultricies. Aliquam sodales nulla dolor. Quis blandit erat. Donec laoreet libero non metus volutpat consequat in vel metus. Sed non augue id felis pellentesque.<\/p>\n<p>[\/et_pb_blurb][\/et_pb_column][et_pb_column type=&#8221;1_4&#8243; _builder_version=&#8221;4.25.1&#8243; _module_preset=&#8221;default&#8221; global_colors_info=&#8221;{}&#8221;][et_pb_heading title=&#8221;Pzt, 25 Mart 2024&#8243; _builder_version=&#8221;4.25.1&#8243; _module_preset=&#8221;a12514b3-40d6-496f-93c3-a9ef579cec13&#8243; title_text_align=&#8221;right&#8221; custom_margin=&#8221;||0px||false|false&#8221; title_text_align_tablet=&#8221;left&#8221; title_text_align_phone=&#8221;left&#8221; title_text_align_last_edited=&#8221;on|tablet&#8221; global_colors_info=&#8221;{}&#8221;][\/et_pb_heading][et_pb_text _builder_version=&#8221;4.25.1&#8243; _module_preset=&#8221;default&#8221; text_orientation=&#8221;right&#8221; text_orientation_tablet=&#8221;left&#8221; text_orientation_phone=&#8221;left&#8221; text_orientation_last_edited=&#8221;on|tablet&#8221; global_colors_info=&#8221;{}&#8221;]<\/p>\n<p>9:00 AM to 12:00 PM<\/p>\n<p>[\/et_pb_text][\/et_pb_column][\/et_pb_row][et_pb_row column_structure=&#8221;3_4,1_4&#8243; _builder_version=&#8221;4.25.1&#8243; _module_preset=&#8221;default&#8221; max_width=&#8221;1120px&#8221; custom_margin=&#8221;||20px||false|false&#8221; custom_padding=&#8221;20px|20px|20px|20px|true|true&#8221; link_option_url=&#8221;#&#8221; box_shadow_style=&#8221;preset1&#8243; box_shadow_vertical=&#8221;20px&#8221; box_shadow_blur=&#8221;40px&#8221; box_shadow_color=&#8221;RGBA(255,255,255,0)&#8221; global_colors_info=&#8221;{}&#8221; custom_padding__hover_enabled=&#8221;on|desktop&#8221; custom_padding__hover=&#8221;|20px||20px|true|true&#8221; border_radii__hover_enabled=&#8221;on|desktop&#8221; border_radii__hover=&#8221;on|12px|12px|12px|12px&#8221; box_shadow_color__hover_enabled=&#8221;on|desktop&#8221; box_shadow_color__hover=&#8221;rgba(0,0,0,0.07)&#8221;][et_pb_column type=&#8221;3_4&#8243; _builder_version=&#8221;4.25.1&#8243; _module_preset=&#8221;default&#8221; global_colors_info=&#8221;{}&#8221;][et_pb_blurb title=&#8221;\u0130\u015f B\u00fcy\u00fcmesi i\u00e7in \u0130novasyon ve Tasar\u0131m Odakl\u0131 D\u00fc\u015f\u00fcnme&#8221; image=&#8221;https:\/\/isitec-international.com\/wp-content\/uploads\/2025\/02\/conference-event-icon-04-1.png&#8221; _builder_version=&#8221;4.25.1&#8243; _module_preset=&#8221;2b32966a-b0b2-479e-88fe-8d1f0c476bca&#8221; locked=&#8221;off&#8221; global_colors_info=&#8221;{%22gcid-9d5d11f9-d654-432d-8206-34ad20a6d54e%22:%91%22link_text_color%22,%22quote_border_color%22,%22link_text_color%22,%22quote_border_color%22%93,%22gcid-b6028d43-4027-4a22-87a1-1d6e61b15b8b%22:%91%22quote_text_color%22,%22quote_text_color%22%93}&#8221; quote_font_size_tablet=&#8221;16px&#8221; quote_font_size_phone=&#8221;15px&#8221; quote_font_size_last_edited=&#8221;on|desktop&#8221;]<\/p>\n<p>Semper leo et sapien lobortis facilisis aliquam feugiat ut diam non tempus et malesuada. Fermentum nulla non justo aliquet, quis vehicula quam consequat duis ut hendrerit.<\/p>\n<p>[\/et_pb_blurb][\/et_pb_column][et_pb_column type=&#8221;1_4&#8243; _builder_version=&#8221;4.25.1&#8243; _module_preset=&#8221;default&#8221; global_colors_info=&#8221;{}&#8221;][et_pb_heading title=&#8221;Pzt, 25 Mart 2024&#8243; _builder_version=&#8221;4.25.1&#8243; _module_preset=&#8221;a12514b3-40d6-496f-93c3-a9ef579cec13&#8243; title_text_align=&#8221;right&#8221; custom_margin=&#8221;||0px||false|false&#8221; title_text_align_tablet=&#8221;left&#8221; title_text_align_phone=&#8221;left&#8221; title_text_align_last_edited=&#8221;on|tablet&#8221; global_colors_info=&#8221;{}&#8221;][\/et_pb_heading][et_pb_text _builder_version=&#8221;4.25.1&#8243; _module_preset=&#8221;default&#8221; text_orientation=&#8221;right&#8221; text_orientation_tablet=&#8221;left&#8221; text_orientation_phone=&#8221;left&#8221; text_orientation_last_edited=&#8221;on|tablet&#8221; global_colors_info=&#8221;{}&#8221;]<\/p>\n<p>2:00 PM to 6:00 PM<\/p>\n<p>[\/et_pb_text][\/et_pb_column][\/et_pb_row][et_pb_row _builder_version=&#8221;4.25.1&#8243; _module_preset=&#8221;default&#8221; custom_padding=&#8221;||0px|||&#8221; locked=&#8221;off&#8221; global_colors_info=&#8221;{}&#8221;][et_pb_column type=&#8221;4_4&#8243; _builder_version=&#8221;4.25.1&#8243; _module_preset=&#8221;default&#8221; global_colors_info=&#8221;{}&#8221;][et_pb_button button_text=&#8221;Full Schedule&#8221; _builder_version=&#8221;4.25.1&#8243; _module_preset=&#8221;8c56df01-ad20-4f57-8b20-d3a120ffaa86&#8243; locked=&#8221;off&#8221; global_colors_info=&#8221;{}&#8221;][\/et_pb_button][\/et_pb_column][\/et_pb_row][\/et_pb_section][et_pb_section fb_built=&#8221;1&#8243; admin_label=&#8221;Video &#038; Features&#8221; _builder_version=&#8221;4.25.1&#8243; _module_preset=&#8221;default&#8221; da_disable_devices=&#8221;off|off|off&#8221; collapsed=&#8221;on&#8221; global_colors_info=&#8221;{}&#8221; da_is_popup=&#8221;off&#8221; da_exit_intent=&#8221;off&#8221; da_has_close=&#8221;on&#8221; da_alt_close=&#8221;off&#8221; da_dark_close=&#8221;off&#8221; da_not_modal=&#8221;on&#8221; da_is_singular=&#8221;off&#8221; da_with_loader=&#8221;off&#8221; da_has_shadow=&#8221;on&#8221;][et_pb_row column_structure=&#8221;1_2,1_2&#8243; disabled_on=&#8221;on|on|on&#8221; _builder_version=&#8221;4.27.4&#8243; _module_preset=&#8221;default&#8221; disabled=&#8221;on&#8221; global_colors_info=&#8221;{}&#8221;][et_pb_column type=&#8221;1_2&#8243; _builder_version=&#8221;4.25.1&#8243; _module_preset=&#8221;default&#8221; global_colors_info=&#8221;{}&#8221;][et_pb_heading title=&#8221;Etkinlik hakk\u0131nda&#8221; _builder_version=&#8221;4.25.1&#8243; _module_preset=&#8221;7c7043e9-2a6f-4992-8b9c-5828f7d614bc&#8221; custom_margin=&#8221;||10px||false|false&#8221; global_colors_info=&#8221;{}&#8221;][\/et_pb_heading][et_pb_text _builder_version=&#8221;4.25.1&#8243; _module_preset=&#8221;2261b5b6-c03c-4652-a5db-24ab414162b2&#8243; global_colors_info=&#8221;{}&#8221;]<\/p>\n<p>Vivamus id gravida mi, nec ullamcorper purus. Suspendisse ut nibh sagittis lacus viverra aliquam. Praesent ac lobortis mauris, non imperdiet quam. Praesent laoreet elit nisi, id feugiat ante accumsan sed. Vestibulum ante ipsum primis in faucibus orci luctus et ultrices posuere cubilia curae.<\/p>\n<p>[\/et_pb_text][et_pb_button button_text=&#8221;\u015eimdi Kaydolun&#8221; _builder_version=&#8221;4.25.1&#8243; _module_preset=&#8221;15cd41aa-da6e-4907-a266-69e790f0b8b8&#8243; global_colors_info=&#8221;{}&#8221;][\/et_pb_button][\/et_pb_column][et_pb_column type=&#8221;1_2&#8243; _builder_version=&#8221;4.25.1&#8243; _module_preset=&#8221;default&#8221; global_colors_info=&#8221;{}&#8221;][et_pb_accordion _builder_version=&#8221;4.25.1&#8243; _module_preset=&#8221;5e07bbd4-1926-40fa-b75a-5229c0786f39&#8243; global_colors_info=&#8221;{}&#8221;][et_pb_accordion_item title=&#8221;12 Hoparl\u00f6r&#8221; open=&#8221;on&#8221; icon_color=&#8221;#0300b4&#8243; _builder_version=&#8221;4.25.1&#8243; _module_preset=&#8221;587899c4-a86a-432c-85da-274c9ca6da9d&#8221; global_colors_info=&#8221;{}&#8221;]<\/p>\n<p>Vivamus id gravida mi, nec ullamcorper purus. Suspendisse ut nibh sagittis lacus viverra aliquam. Praesent ac lobortis mauris, non imperdiet quam. Praesent laoreet elit nisi, id feugiat ante accumsan sed.<\/p>\n<p>[\/et_pb_accordion_item][et_pb_accordion_item title=&#8221;Canl\u0131 Yay\u0131n&#8221; icon_color=&#8221;#0300b4&#8243; _builder_version=&#8221;4.25.1&#8243; _module_preset=&#8221;587899c4-a86a-432c-85da-274c9ca6da9d&#8221; global_colors_info=&#8221;{}&#8221; open=&#8221;off&#8221;]<\/p>\n<p>Vivamus id gravida mi, nec ullamcorper purus. Suspendisse ut nibh sagittis lacus viverra aliquam. Praesent ac lobortis mauris, non imperdiet quam. Praesent laoreet elit nisi, id feugiat ante accumsan sed.<\/p>\n<p>[\/et_pb_accordion_item][et_pb_accordion_item title=&#8221;Canl\u0131 Yay\u0131n&#8221; icon_color=&#8221;#0300b4&#8243; _builder_version=&#8221;4.25.1&#8243; _module_preset=&#8221;587899c4-a86a-432c-85da-274c9ca6da9d&#8221; global_colors_info=&#8221;{}&#8221; open=&#8221;off&#8221;]<\/p>\n<p>Vivamus id gravida mi, nec ullamcorper purus. Suspendisse ut nibh sagittis lacus viverra aliquam. Praesent ac lobortis mauris, non imperdiet quam. Praesent laoreet elit nisi, id feugiat ante accumsan sed.<\/p>\n<p>[\/et_pb_accordion_item][et_pb_accordion_item title=&#8221;Canl\u0131 Yay\u0131n&#8221; icon_color=&#8221;#0300b4&#8243; _builder_version=&#8221;4.25.1&#8243; _module_preset=&#8221;587899c4-a86a-432c-85da-274c9ca6da9d&#8221; global_colors_info=&#8221;{}&#8221; open=&#8221;off&#8221;]<\/p>\n<p>Vivamus id gravida mi, nec ullamcorper purus. Suspendisse ut nibh sagittis lacus viverra aliquam. Praesent ac lobortis mauris, non imperdiet quam. Praesent laoreet elit nisi, id feugiat ante accumsan sed.<\/p>\n<p>[\/et_pb_accordion_item][\/et_pb_accordion][\/et_pb_column][\/et_pb_row][\/et_pb_section][et_pb_section fb_built=&#8221;1&#8243; admin_label=&#8221;Call to Action&#8221; _builder_version=&#8221;4.27.4&#8243; _module_preset=&#8221;default&#8221; background_enable_color=&#8221;off&#8221; background_image=&#8221;https:\/\/isitec-international.com\/wp-content\/uploads\/2025\/02\/header-robots.jpg&#8221; custom_padding=&#8221;36px|||||&#8221; da_disable_devices=&#8221;off|off|off&#8221; locked=&#8221;off&#8221; collapsed=&#8221;on&#8221; global_colors_info=&#8221;{%22gcid-9d5d11f9-d654-432d-8206-34ad20a6d54e%22:%91%22background_color%22,%22background_color_gradient_stops%22,%22background_color%22%93,%22gcid-5f63220e-8342-4427-89fa-de1da73c3340%22:%91%22background_color_gradient_stops%22%93,%22gcid-eae5a87c-d221-447d-a731-6f9ad57d2149%22:%91%22background_color_gradient_stops%22%93}&#8221; da_is_popup=&#8221;off&#8221; da_exit_intent=&#8221;off&#8221; da_has_close=&#8221;on&#8221; da_alt_close=&#8221;off&#8221; da_dark_close=&#8221;off&#8221; da_not_modal=&#8221;on&#8221; da_is_singular=&#8221;off&#8221; da_with_loader=&#8221;off&#8221; da_has_shadow=&#8221;on&#8221;][et_pb_row column_structure=&#8221;2_5,3_5&#8243; _builder_version=&#8221;4.27.4&#8243; _module_preset=&#8221;default&#8221; global_colors_info=&#8221;{}&#8221;][et_pb_column type=&#8221;2_5&#8243; _builder_version=&#8221;4.27.4&#8243; _module_preset=&#8221;default&#8221; global_colors_info=&#8221;{}&#8221;][et_pb_heading title=&#8221;Taraf\u0131ndan d\u00fczenlenmi\u015ftir&#8221; _builder_version=&#8221;4.27.4&#8243; _module_preset=&#8221;b70e197a-ee5f-4274-8c8a-6e2eaf529a89&#8243; title_level=&#8221;h2&#8243; title_font=&#8221;Montserrat|500|||||||&#8221; title_text_color=&#8221;#FFFFFF&#8221; title_font_size=&#8221;22px&#8221; custom_margin=&#8221;||0px|||&#8221; locked=&#8221;off&#8221; global_colors_info=&#8221;{}&#8221;][\/et_pb_heading][et_pb_image src=&#8221;https:\/\/isitec-international.com\/wp-content\/uploads\/2025\/02\/logo-isitec-blannc.png&#8221; alt=&#8221;logo isitec blanc&#8221; title_text=&#8221;logo isitec blanc&#8221; url=&#8221;https:\/\/isitec-international.com\/tr\/&#8221; url_new_window=&#8221;on&#8221; _builder_version=&#8221;4.27.4&#8243; _module_preset=&#8221;default&#8221; width=&#8221;44%&#8221; max_width=&#8221;52%&#8221; module_alignment=&#8221;left&#8221; custom_margin=&#8221;||50px||false|false&#8221; global_colors_info=&#8221;{}&#8221;][\/et_pb_image][\/et_pb_column][et_pb_column type=&#8221;3_5&#8243; _builder_version=&#8221;4.27.4&#8243; _module_preset=&#8221;default&#8221; global_colors_info=&#8221;{}&#8221;][et_pb_text _builder_version=&#8221;4.27.4&#8243; _module_preset=&#8221;d4a68abd-1501-4b18-8007-27f22d37cf53&#8243; text_font=&#8221;Montserrat|500|||||||&#8221; text_font_size=&#8221;35px&#8221; text_line_height=&#8221;1.4em&#8221; header_font=&#8221;Montserrat|600|||||||&#8221; locked=&#8221;off&#8221;]<\/p>\n<p>Otomasyon ve Koli Tasnifinin Gelece\u011fine Kat\u0131l\u0131n &#8211; \u015eimdi Kaydolun!<\/p>\n<p>[\/et_pb_text][et_pb_button button_url=&#8221;https:\/\/bit.ly\/ISED-Registration&#8221; button_text=&#8221;\u015eimdi kay\u0131t olun&#8221; button_alignment=&#8221;left&#8221; _builder_version=&#8221;4.27.4&#8243; _module_preset=&#8221;73c62a50-e795-4e23-9fa8-e621f9a9efcb&#8221; button_text_color=&#8221;#214671&#8243; custom_margin=&#8221;||5px|||&#8221; locked=&#8221;off&#8221; global_colors_info=&#8221;{}&#8221;][\/et_pb_button][\/et_pb_column][\/et_pb_row][\/et_pb_section]<\/p>\n","protected":false},"excerpt":{"rendered":"<p>ISITEC SORTING EXPERIENCE DAY, Isitec International taraf\u0131ndan her y\u0131l d\u00fczenlenen uluslararas\u0131 bir etkinliktir. Otomasyon ve Ay\u0131klama Uzmanlar\u0131n\u0131 lojistik merakl\u0131lar\u0131yla bir araya getiren bu bulu\u015fma, de\u011ferli a\u011f olu\u015fturma f\u0131rsatlar\u0131 ve geli\u015fmi\u015f koli ay\u0131klama \u00e7\u00f6z\u00fcmlerinin tan\u0131t\u0131mlar\u0131n\u0131 sunmaktad\u0131r.Bu etkinlik, posta \u00e7\u00f6z\u00fcmlerinde inovasyon ve teknoloji konusunda tutkulu bireyler i\u00e7in \u00f6nemli bir bulu\u015fma i\u015flevi g\u00f6rmektedir. Benzer d\u00fc\u015f\u00fcnen profesyonellerin anlaml\u0131 ba\u011flant\u0131lar [&hellip;]<\/p>\n","protected":false},"author":7,"featured_media":0,"parent":0,"menu_order":0,"comment_status":"closed","ping_status":"closed","template":"page-template-blank.php","meta":{"_seopress_robots_primary_cat":"","_seopress_titles_title":"","_seopress_titles_desc":"Otomasyon ve Ay\u0131klama Uzmanlar\u0131n\u0131 lojistik merakl\u0131lar\u0131yla bir araya getiren bu bulu\u015fma, de\u011ferli a\u011f olu\u015fturma f\u0131rsatlar\u0131 ve geli\u015fmi\u015f koli ay\u0131klama \u00e7\u00f6z\u00fcmlerinin tan\u0131t\u0131mlar\u0131n\u0131 sunuyor.","_seopress_robots_index":"","_et_pb_use_builder":"on","_et_pb_old_content":"","_et_gb_content_width":"","footnotes":""},"class_list":["post-23124","page","type-page","status-publish","hentry"],"_links":{"self":[{"href":"https:\/\/isitec-international.com\/tr\/wp-json\/wp\/v2\/pages\/23124","targetHints":{"allow":["GET"]}}],"collection":[{"href":"https:\/\/isitec-international.com\/tr\/wp-json\/wp\/v2\/pages"}],"about":[{"href":"https:\/\/isitec-international.com\/tr\/wp-json\/wp\/v2\/types\/page"}],"author":[{"embeddable":true,"href":"https:\/\/isitec-international.com\/tr\/wp-json\/wp\/v2\/users\/7"}],"replies":[{"embeddable":true,"href":"https:\/\/isitec-international.com\/tr\/wp-json\/wp\/v2\/comments?post=23124"}],"version-history":[{"count":3,"href":"https:\/\/isitec-international.com\/tr\/wp-json\/wp\/v2\/pages\/23124\/revisions"}],"predecessor-version":[{"id":23127,"href":"https:\/\/isitec-international.com\/tr\/wp-json\/wp\/v2\/pages\/23124\/revisions\/23127"}],"wp:attachment":[{"href":"https:\/\/isitec-international.com\/tr\/wp-json\/wp\/v2\/media?parent=23124"}],"curies":[{"name":"wp","href":"https:\/\/api.w.org\/{rel}","templated":true}]}}